{"id":283,"date":"2018-05-23T20:33:21","date_gmt":"2018-05-23T20:33:21","guid":{"rendered":"http:\/\/menzl-hirmer.gefluegel-pfreimd.de\/?page_id=283"},"modified":"2025-02-26T10:55:55","modified_gmt":"2025-02-26T10:55:55","slug":"datenschutz","status":"publish","type":"page","link":"https:\/\/menzl-hirmer.gefluegel-pfreimd.de\/?page_id=283","title":{"rendered":"Datenschutz"},"content":{"rendered":"<p><strong>Datenschutzerkl\u00e4rung<\/strong><br \/>\nSehr geehrte Besucherinnen und Besucher, wir freuen uns \u00fcber Ihren Besuch auf unseren Webseiten. Wir m\u00f6chten, dass Sie sich hierbei sicher und wohl f\u00fchlen. Der Schutz Ihrer Privatsph\u00e4re hat f\u00fcr uns einen hohen Stellenwert. Die folgenden Datenschutzbestimmungen informieren Sie \u00fcber unsere Handhabung der Erhebung, Verwendung und Weitergabe von personenbezogenen Daten.<\/p>\n<p><strong>Verantwortliche Stelle<\/strong><\/p>\n<p>Monika Menzl-Hirmer<br \/>\nBahnhofstra\u00dfe 15<br \/>\n92536 Pfreimd<br \/>\nmenzl-hirmer@t-online.de<\/p>\n<p><strong>Nutzungsdaten<\/strong><\/p>\n<p>Um die Qualit\u00e4t und Funktionsf\u00e4higkeit unserer Webseiten zu verbessern und f\u00fcr den Fall einer Strafverfolgung, speichern wir zu statistischen Zwecken Daten \u00fcber den einzelnen Zugriff auf unsere Seiten. Dieser Datensatz umfasst:<\/p>\n<ul>\n<li>die Seite, von der aus die Datei angefordert wurde,<\/li>\n<li>den Namen der Datei,<\/li>\n<li>das Datum und die Uhrzeit der Abfrage,<\/li>\n<li>die \u00fcbertragene Datenmenge,<\/li>\n<li>den Zugriffsstatus (Datei \u00fcbertragen, Datei nicht gefunden),<\/li>\n<li>die Beschreibung des Typs des verwendeten Webbrowsers,<\/li>\n<li>die IP-Adresse des anfragenden Rechners.<\/li>\n<\/ul>\n<p>Rechtsgrundlage f\u00fcr diese Datenverarbeitung ist Art. 6 Abs. 1 lit. f DSGVO (berechtigte Interessen des Verantwortlichen). Die o.g. Gr\u00fcnde stellen auch das berechtigte Interesse f\u00fcr die Datenverarbeitung nach Art. 6 Abs. 1 lit. f DSGVO dar.<\/p>\n<p><strong>Social Plugins<\/strong><\/p>\n<p><strong>Facebook<\/strong><\/p>\n<p>Auf dieser Webseite sind Social Plugins des sozialen Netzwerks facebook.com eingebunden, betrieben von der Facebook Inc., 1601 S. California Ave, Palo Alto, CA 94304, USA (\u201eFacebook\u201c). Beim Aufruf unserer Webseite wird eine Verbindung zwischen Ihrem Browser und den Servern von Facebook aufgebaut. Der Inhalt des Plugins wird von Facebook direkt an Ihren Browser \u00fcbermittelt und in unsere Seite eingebunden. Wir haben keinen Einfluss auf den Umfang der von Facebook erhobenen Daten.<br \/>\nWeitere Hinweise zum Zweck und Umfang der Datenerhebung sowie zu den Rechten und Einstellungsm\u00f6glichkeiten erhalten Sie unter: <a href=\"http:\/\/www.facebook.com\/policy.php\" target=\"_blank\" rel=\"noopener\">Facebook Datenschutzerkl\u00e4rung<\/a>.<\/p>\n<p><strong>WhatsApp Business<\/strong><\/p>\n<p>Wir bieten Ihnen die M\u00f6glichkeit, mit uns \u00fcber WhatsApp Business zu kommunizieren. Hierbei werden unter anderem Ihre Telefonnummer und die von Ihnen gesendeten Nachrichten verarbeitet.<br \/>\nDie Nutzung von WhatsApp Business erfolgt auf freiwilliger Basis und bedarf Ihrer ausdr\u00fccklichen Einwilligung. Bitte beachten Sie, dass WhatsApp Inc. \u2013 ein Tochterunternehmen von Meta Platforms Inc. (1601 Willow Road, Menlo Park, CA 94025, USA) \u2013 Ihre Daten auch au\u00dferhalb der EU verarbeiten kann. F\u00fcr den Fall von Daten\u00fcbermittlungen in Drittl\u00e4nder setzen wir geeignete vertragliche Garantien (z.\u202fB. Standardvertragsklauseln) ein, um Ihre Datenschutzrechte zu wahren.<br \/>\nWeitere Informationen zur Datenverarbeitung durch WhatsApp finden Sie unter: WhatsApp Datenschutz.<\/p>\n<p><strong>Instagram<\/strong><\/p>\n<p>Auf unserer Webseite sind Funktionen des Dienstes Instagram eingebunden, angeboten durch Meta Platforms Inc. (1601 Willow Road, Menlo Park, CA 94025, USA).<br \/>\nDie Aktivierung dieser Funktionen erfolgt erst nach Ihrer ausdr\u00fccklichen Einwilligung. Sind Sie in Ihrem Instagram-Account eingeloggt und aktivieren die Funktion, kann eine Verbindung zwischen Ihrem Instagram-Konto und der Darstellung unserer Webseite hergestellt werden. Dadurch kann Instagram Ihren Besuch unserer Seiten Ihrem Benutzerkonto zuordnen und personenbezogene Daten verarbeiten.<br \/>\nAuch hier erfolgt \u2013 sofern eine Daten\u00fcbermittlung in Drittl\u00e4nder stattfindet \u2013 die \u00dcbertragung Ihrer Daten auf Basis geeigneter Schutzma\u00dfnahmen (z.\u202fB. Standardvertragsklauseln). Weitere Informationen finden Sie in der <a href=\"https:\/\/help.instagram.com\/519522125107875\" target=\"_blank\" rel=\"noopener\">Instagram Datenschutzerkl\u00e4rung<\/a>.<\/p>\n<p><strong>Ihre Rechte als Nutzer<\/strong><\/p>\n<ol>\n<li>a) <strong>Recht auf Best\u00e4tigung<\/strong><br \/>\nJede betroffene Person hat das Recht, zu erfahren, ob \u00fcber sie personenbezogene Daten verarbeitet werden.<\/li>\n<li>b) <strong>Recht auf Auskunft (Art. 15 DSGVO)<\/strong><br \/>\nJede betroffene Person hat das Recht, unentgeltliche Auskunft \u00fcber die zu ihrer Person gespeicherten personenbezogenen Daten sowie eine Kopie dieser Auskunft zu erhalten.<\/li>\n<li>c) <strong>Recht auf Berichtigung (Art. 16 DSGVO)<\/strong><br \/>\nDie betroffene Person hat das Recht, unverz\u00fcglich die Berichtigung unrichtiger personenbezogener Daten zu verlangen.<\/li>\n<li>d) <strong>Recht auf L\u00f6schung (Art. 17 DSGVO, \u201eRecht auf Vergessenwerden\u201c)<\/strong><br \/>\nJede betroffene Person kann verlangen, dass personenbezogene Daten gel\u00f6scht werden, sofern keine gesetzlichen Aufbewahrungspflichten oder andere rechtliche Gr\u00fcnde entgegenstehen.<\/li>\n<li>e) <strong>Recht auf Einschr\u00e4nkung der Verarbeitung (Art. 18 DSGVO)<\/strong><br \/>\nJede betroffene Person hat das Recht, die Einschr\u00e4nkung der Verarbeitung ihrer personenbezogenen Daten zu verlangen, sofern entsprechende Voraussetzungen vorliegen.<\/li>\n<li>f) <strong>Recht auf Daten\u00fcbertragbarkeit (Art. 20 DSGVO)<\/strong><br \/>\nJede betroffene Person hat das Recht, ihre personenbezogenen Daten, die sie einem Verantwortlichen bereitgestellt hat, in einem strukturierten, g\u00e4ngigen und maschinenlesbaren Format zu erhalten und diese Daten einem anderen Verantwortlichen zu \u00fcbermitteln.<\/li>\n<li>g) <strong>Recht auf Widerruf einer datenschutzrechtlichen Einwilligung (Art. 7 DSGVO)<\/strong><br \/>\nJede betroffene Person kann eine erteilte Einwilligung zur Verarbeitung ihrer personenbezogenen Daten jederzeit widerrufen. Der Widerruf ber\u00fchrt nicht die Rechtm\u00e4\u00dfigkeit der bis zum Widerruf erfolgten Verarbeitung.<\/li>\n<li>h) <strong>Recht auf Widerspruch (Art. 21 DSGVO)<\/strong><br \/>\nJede betroffene Person hat das Recht, aus Gr\u00fcnden, die sich aus ihrer besonderen Situation ergeben, jederzeit gegen die Verarbeitung ihrer personenbezogenen Daten Widerspruch einzulegen. Dies gilt auch f\u00fcr Zwecke des Direktmarketings.<\/li>\n<li>i) <strong>Recht auf keine ausschlie\u00dflich automatisierten Entscheidungen (Art. 22 DSGVO)<\/strong><br \/>\nJede betroffene Person hat das Recht, nicht einer ausschlie\u00dflich auf automatisierter Verarbeitung (einschlie\u00dflich Profiling) beruhenden Entscheidung unterworfen zu werden, die rechtliche Wirkung entfaltet oder sie in \u00e4hnlicher Weise erheblich beeintr\u00e4chtigt.<\/li>\n<\/ol>\n<p><strong>Dauer der Speicherung<\/strong><\/p>\n<p>Die Speicherung personenbezogener Daten erfolgt unter Beachtung der jeweils gesetzlich vorgeschriebenen Aufbewahrungsfristen. Nach Ablauf dieser Fristen werden die Daten routinem\u00e4\u00dfig gel\u00f6scht, sofern sie nicht mehr zur Erf\u00fcllung eines Vertrags oder zur Vertragsanbahnung erforderlich sind.<\/p>\n<p><strong>Recht auf Beschwerde bei der zust\u00e4ndigen Aufsichtsbeh\u00f6rde<\/strong><\/p>\n<p>Sollten Sie der Ansicht sein, dass die Verarbeitung Ihrer personenbezogenen Daten gegen datenschutzrechtliche Vorschriften verst\u00f6\u00dft, steht Ihnen das Recht zu, sich bei der zust\u00e4ndigen Aufsichtsbeh\u00f6rde zu beschweren. Zust\u00e4ndig ist der Landesdatenschutzbeauftragte des Bundeslandes, in dem sich unser Unternehmenssitz befindet. Eine Liste der Datenschutzbeauftragten sowie deren Kontaktdaten finden Sie hier: <a href=\"https:\/\/www.bfdi.bund.de\/DE\/Infothek\/Anschriften_Links\/anschriften_links-node.html\" target=\"_blank\" rel=\"noopener\">https:\/\/www.bfdi.bund.de\/DE\/Infothek\/Anschriften_Links\/anschriften_links-node.html.<\/a><\/p>\n","protected":false},"excerpt":{"rendered":"<p>Datenschutzerkl\u00e4rung Sehr geehrte Besucherinnen und Besucher, wir freuen uns \u00fcber Ihren Besuch auf unseren Webseiten. Wir m\u00f6chten, dass Sie sich hierbei sicher und wohl f\u00fchlen. Der Schutz Ihrer Privatsph\u00e4re hat f\u00fcr uns einen hohen Stellenwert. Die folgenden Datenschutzbestimmungen informieren Sie \u00fcber unsere Handhabung der Erhebung, Verwendung und Weitergabe von personenbezogenen Daten. Verantwortliche Stelle Monika Menzl-Hirmer &hellip; <\/p>\n<p class=\"link-more\"><a href=\"https:\/\/menzl-hirmer.gefluegel-pfreimd.de\/?page_id=283\" class=\"more-link\"><span class=\"screen-reader-text\">\u201eDatenschutz\u201c<\/span> weiterlesen<\/a><\/p>\n","protected":false},"author":1,"featured_media":0,"parent":0,"menu_order":0,"comment_status":"closed","ping_status":"closed","template":"","meta":{"footnotes":""},"yoast_head":"<!-- This site is optimized with the Yoast SEO plugin v24.5 - https:\/\/yoast.com\/wordpress\/plugins\/seo\/ -->\n<title>Datenschutz - Gefl\u00fcgelzucht Monika Menzl-Hirmer<\/title>\n<meta name=\"description\" content=\"Gefl\u00fcgelzucht Monika Menzl-Hirmer\" \/>\n<meta name=\"robots\" content=\"index, follow, max-snippet:-1, max-image-preview:large, max-video-preview:-1\" \/>\n<link rel=\"canonical\" href=\"https:\/\/menzl-hirmer.gefluegel-pfreimd.de\/?page_id=283\" \/>\n<meta property=\"og:locale\" content=\"de_DE\" \/>\n<meta property=\"og:type\" content=\"article\" \/>\n<meta property=\"og:title\" content=\"Datenschutz - Gefl\u00fcgelzucht Monika Menzl-Hirmer\" \/>\n<meta property=\"og:description\" content=\"Gefl\u00fcgelzucht Monika Menzl-Hirmer\" \/>\n<meta property=\"og:url\" content=\"https:\/\/menzl-hirmer.gefluegel-pfreimd.de\/?page_id=283\" \/>\n<meta property=\"og:site_name\" content=\"Gefl\u00fcgelzucht Monika Menzl-Hirmer\" \/>\n<meta property=\"article:modified_time\" content=\"2025-02-26T10:55:55+00:00\" \/>\n<meta name=\"twitter:card\" content=\"summary_large_image\" \/>\n<meta name=\"twitter:label1\" content=\"Gesch\u00e4tzte Lesezeit\" \/>\n\t<meta name=\"twitter:data1\" content=\"4\u00a0Minuten\" \/>\n<script type=\"application\/ld+json\" class=\"yoast-schema-graph\">{\"@context\":\"https:\/\/schema.org\",\"@graph\":[{\"@type\":\"WebPage\",\"@id\":\"https:\/\/menzl-hirmer.gefluegel-pfreimd.de\/?page_id=283\",\"url\":\"https:\/\/menzl-hirmer.gefluegel-pfreimd.de\/?page_id=283\",\"name\":\"Datenschutz - Gefl\u00fcgelzucht Monika Menzl-Hirmer\",\"isPartOf\":{\"@id\":\"https:\/\/menzl-hirmer.gefluegel-pfreimd.de\/#website\"},\"datePublished\":\"2018-05-23T20:33:21+00:00\",\"dateModified\":\"2025-02-26T10:55:55+00:00\",\"description\":\"Gefl\u00fcgelzucht Monika Menzl-Hirmer\",\"breadcrumb\":{\"@id\":\"https:\/\/menzl-hirmer.gefluegel-pfreimd.de\/?page_id=283#breadcrumb\"},\"inLanguage\":\"de\",\"potentialAction\":[{\"@type\":\"ReadAction\",\"target\":[\"https:\/\/menzl-hirmer.gefluegel-pfreimd.de\/?page_id=283\"]}]},{\"@type\":\"BreadcrumbList\",\"@id\":\"https:\/\/menzl-hirmer.gefluegel-pfreimd.de\/?page_id=283#breadcrumb\",\"itemListElement\":[{\"@type\":\"ListItem\",\"position\":1,\"name\":\"Startseite\",\"item\":\"https:\/\/menzl-hirmer.gefluegel-pfreimd.de\/\"},{\"@type\":\"ListItem\",\"position\":2,\"name\":\"Datenschutz\"}]},{\"@type\":\"WebSite\",\"@id\":\"https:\/\/menzl-hirmer.gefluegel-pfreimd.de\/#website\",\"url\":\"https:\/\/menzl-hirmer.gefluegel-pfreimd.de\/\",\"name\":\"Gefl\u00fcgelzucht Monika Menzl-Hirmer\",\"description\":\"Tierwirtschaftsmeisterin\",\"publisher\":{\"@id\":\"https:\/\/menzl-hirmer.gefluegel-pfreimd.de\/#organization\"},\"potentialAction\":[{\"@type\":\"SearchAction\",\"target\":{\"@type\":\"EntryPoint\",\"urlTemplate\":\"https:\/\/menzl-hirmer.gefluegel-pfreimd.de\/?s={search_term_string}\"},\"query-input\":{\"@type\":\"PropertyValueSpecification\",\"valueRequired\":true,\"valueName\":\"search_term_string\"}}],\"inLanguage\":\"de\"},{\"@type\":\"Organization\",\"@id\":\"https:\/\/menzl-hirmer.gefluegel-pfreimd.de\/#organization\",\"name\":\"Gefl\u00fcgelzucht Monika Menzl-Hirmer\",\"alternateName\":\"Gefl\u00fcgelzucht, Schmuckesachen\",\"url\":\"https:\/\/menzl-hirmer.gefluegel-pfreimd.de\/\",\"logo\":{\"@type\":\"ImageObject\",\"inLanguage\":\"de\",\"@id\":\"https:\/\/menzl-hirmer.gefluegel-pfreimd.de\/#\/schema\/logo\/image\/\",\"url\":\"https:\/\/menzl-hirmer.gefluegel-pfreimd.de\/wp-content\/uploads\/2018\/01\/cropped-gefluegel-logo.png\",\"contentUrl\":\"https:\/\/menzl-hirmer.gefluegel-pfreimd.de\/wp-content\/uploads\/2018\/01\/cropped-gefluegel-logo.png\",\"width\":380,\"height\":250,\"caption\":\"Gefl\u00fcgelzucht Monika Menzl-Hirmer\"},\"image\":{\"@id\":\"https:\/\/menzl-hirmer.gefluegel-pfreimd.de\/#\/schema\/logo\/image\/\"},\"sameAs\":[\"https:\/\/wa.me\/message\/7RYL4KQKLYYEN1\"]}]}<\/script>\n<!-- \/ Yoast SEO plugin. -->","yoast_head_json":{"title":"Datenschutz - Gefl\u00fcgelzucht Monika Menzl-Hirmer","description":"Gefl\u00fcgelzucht Monika Menzl-Hirmer","robots":{"index":"index","follow":"follow","max-snippet":"max-snippet:-1","max-image-preview":"max-image-preview:large","max-video-preview":"max-video-preview:-1"},"canonical":"https:\/\/menzl-hirmer.gefluegel-pfreimd.de\/?page_id=283","og_locale":"de_DE","og_type":"article","og_title":"Datenschutz - Gefl\u00fcgelzucht Monika Menzl-Hirmer","og_description":"Gefl\u00fcgelzucht Monika Menzl-Hirmer","og_url":"https:\/\/menzl-hirmer.gefluegel-pfreimd.de\/?page_id=283","og_site_name":"Gefl\u00fcgelzucht Monika Menzl-Hirmer","article_modified_time":"2025-02-26T10:55:55+00:00","twitter_card":"summary_large_image","twitter_misc":{"Gesch\u00e4tzte Lesezeit":"4\u00a0Minuten"},"schema":{"@context":"https:\/\/schema.org","@graph":[{"@type":"WebPage","@id":"https:\/\/menzl-hirmer.gefluegel-pfreimd.de\/?page_id=283","url":"https:\/\/menzl-hirmer.gefluegel-pfreimd.de\/?page_id=283","name":"Datenschutz - Gefl\u00fcgelzucht Monika Menzl-Hirmer","isPartOf":{"@id":"https:\/\/menzl-hirmer.gefluegel-pfreimd.de\/#website"},"datePublished":"2018-05-23T20:33:21+00:00","dateModified":"2025-02-26T10:55:55+00:00","description":"Gefl\u00fcgelzucht Monika Menzl-Hirmer","breadcrumb":{"@id":"https:\/\/menzl-hirmer.gefluegel-pfreimd.de\/?page_id=283#breadcrumb"},"inLanguage":"de","potentialAction":[{"@type":"ReadAction","target":["https:\/\/menzl-hirmer.gefluegel-pfreimd.de\/?page_id=283"]}]},{"@type":"BreadcrumbList","@id":"https:\/\/menzl-hirmer.gefluegel-pfreimd.de\/?page_id=283#breadcrumb","itemListElement":[{"@type":"ListItem","position":1,"name":"Startseite","item":"https:\/\/menzl-hirmer.gefluegel-pfreimd.de\/"},{"@type":"ListItem","position":2,"name":"Datenschutz"}]},{"@type":"WebSite","@id":"https:\/\/menzl-hirmer.gefluegel-pfreimd.de\/#website","url":"https:\/\/menzl-hirmer.gefluegel-pfreimd.de\/","name":"Gefl\u00fcgelzucht Monika Menzl-Hirmer","description":"Tierwirtschaftsmeisterin","publisher":{"@id":"https:\/\/menzl-hirmer.gefluegel-pfreimd.de\/#organization"},"potentialAction":[{"@type":"SearchAction","target":{"@type":"EntryPoint","urlTemplate":"https:\/\/menzl-hirmer.gefluegel-pfreimd.de\/?s={search_term_string}"},"query-input":{"@type":"PropertyValueSpecification","valueRequired":true,"valueName":"search_term_string"}}],"inLanguage":"de"},{"@type":"Organization","@id":"https:\/\/menzl-hirmer.gefluegel-pfreimd.de\/#organization","name":"Gefl\u00fcgelzucht Monika Menzl-Hirmer","alternateName":"Gefl\u00fcgelzucht, Schmuckesachen","url":"https:\/\/menzl-hirmer.gefluegel-pfreimd.de\/","logo":{"@type":"ImageObject","inLanguage":"de","@id":"https:\/\/menzl-hirmer.gefluegel-pfreimd.de\/#\/schema\/logo\/image\/","url":"https:\/\/menzl-hirmer.gefluegel-pfreimd.de\/wp-content\/uploads\/2018\/01\/cropped-gefluegel-logo.png","contentUrl":"https:\/\/menzl-hirmer.gefluegel-pfreimd.de\/wp-content\/uploads\/2018\/01\/cropped-gefluegel-logo.png","width":380,"height":250,"caption":"Gefl\u00fcgelzucht Monika Menzl-Hirmer"},"image":{"@id":"https:\/\/menzl-hirmer.gefluegel-pfreimd.de\/#\/schema\/logo\/image\/"},"sameAs":["https:\/\/wa.me\/message\/7RYL4KQKLYYEN1"]}]}},"_links":{"self":[{"href":"https:\/\/menzl-hirmer.gefluegel-pfreimd.de\/index.php?rest_route=\/wp\/v2\/pages\/283"}],"collection":[{"href":"https:\/\/menzl-hirmer.gefluegel-pfreimd.de\/index.php?rest_route=\/wp\/v2\/pages"}],"about":[{"href":"https:\/\/menzl-hirmer.gefluegel-pfreimd.de\/index.php?rest_route=\/wp\/v2\/types\/page"}],"author":[{"embeddable":true,"href":"https:\/\/menzl-hirmer.gefluegel-pfreimd.de\/index.php?rest_route=\/wp\/v2\/users\/1"}],"replies":[{"embeddable":true,"href":"https:\/\/menzl-hirmer.gefluegel-pfreimd.de\/index.php?rest_route=%2Fwp%2Fv2%2Fcomments&post=283"}],"version-history":[{"count":6,"href":"https:\/\/menzl-hirmer.gefluegel-pfreimd.de\/index.php?rest_route=\/wp\/v2\/pages\/283\/revisions"}],"predecessor-version":[{"id":364,"href":"https:\/\/menzl-hirmer.gefluegel-pfreimd.de\/index.php?rest_route=\/wp\/v2\/pages\/283\/revisions\/364"}],"wp:attachment":[{"href":"https:\/\/menzl-hirmer.gefluegel-pfreimd.de\/index.php?rest_route=%2Fwp%2Fv2%2Fmedia&parent=283"}],"curies":[{"name":"wp","href":"https:\/\/api.w.org\/{rel}","templated":true}]}}